{"id":29113,"date":"2024-12-11T19:12:17","date_gmt":"2024-12-11T18:12:17","guid":{"rendered":"https:\/\/ffepa-fkzv.ch\/?page_id=29113"},"modified":"2025-08-14T14:40:47","modified_gmt":"2025-08-14T12:40:47","slug":"actualites","status":"publish","type":"page","link":"https:\/\/ffepa-fkzv.ch\/de\/actualites\/","title":{"rendered":"Aktuel"},"content":{"rendered":"<p><span style=\"text-decoration: underline; font-family: Alatsi;\"><strong>Cours de bases pour les \u00e9leveurs de volailles<\/strong><\/span><\/p>\n<p>Un cours de base pour les \u00e9leveurs de volailles est organis\u00e9 \u00e0 Yverdon les 11 et 18 octobre prochain.<br \/>\nLes personnes int\u00e9ress\u00e9es peuvent consulter <a href=\"http:\/\/ffepa-fkzv.ch\/wp-content\/uploads\/2025\/08\/cours-de-base-volailles.pdf\">ce document.<\/a><\/p>\n<p><span style=\"text-decoration: underline; font-family: Alatsi;\"><strong>Cours d&rsquo;\u00e9leveur de lapins<\/strong><\/span><\/p>\n<p>La f\u00e9d\u00e9ration valaisanne des \u00e9leveurs de petits animaux organise un cours d&rsquo;\u00e9leveur de lapins \u00e0 Salquenen. Le cours aura lieu en fran\u00e7ais, les \u00e9leveurs qui souhaitent y participer peuvent s&rsquo;inscrire \u00e0 l&rsquo;aide de <a href=\"http:\/\/ffepa-fkzv.ch\/wp-content\/uploads\/2025\/08\/Informations-et-inscription-des-participants-.pdf\">ce bulletin.<\/a><\/p>\n<p><span style=\"text-decoration: underline; font-family: Alatsi;\"><strong>Chip-Kurs f\u00fcr Kaninchen und Meerschweinchen\u00a0<\/strong><\/span><\/p>\n<p>Ein  Chip-Kurs wird im Seeland organisiert,  Morgens auf Deutsch, am Nachmittag auf Franz\u00f6sisch. F\u00fcr mehr Infos Klick <a href=\"http:\/\/ffepa-fkzv.ch\/wp-content\/uploads\/2025\/07\/Chip-Kurs-fur-Kaninchen-und-Meerschweinchen.pdf\">hier<\/a>.<\/p>\n<p><span style=\"text-decoration: underline; font-family: Alatsi;\"><strong>Kleintiere R\u00f6stigraben<\/strong><\/span><\/p>\n<p>Seit dem Sommer 2024 pr\u00fcft der Vorstand einen Vorschlag f\u00fcr eine Fusion mit den Verb\u00e4nden Bern-Jura, Neuenburg und allen angrenzenden Kantonen. Ziel ist es, die Organisation unserer jeweiligen Verb\u00e4nde zu vereinfachen und unsere Ausstellungen aufzuwerten!<br \/>\nWeitere Informationen finden Sie unter <a href=\"http:\/\/ffepa-fkzv.ch\/wp-content\/uploads\/2024\/12\/Strategie-Rostigraben.pdf\" target=\"_blank\" rel=\"noopener\">die Strategie<\/a> oder indem Sie sich das folgende Video ansehen <a href=\"https:\/\/www.youtube.com\/watch?v=BlgbvzHpMkQ\" target=\"_blank\" rel=\"noopener\">auf Franz\u00f6sisch<\/a> oder <a href=\"https:\/\/www.youtube.com\/watch?v=_dzCnQM5FQs\" target=\"_blank\" rel=\"noopener\">auf Deutsch<\/a>.<\/p>\n<p>Informationsabende werden an verschiedenen Orten stattfinden. Die Veranstaltungen beginnen jeweils um 19.30 Uhr:<\/p>\n<table>\n<tbody>\n<tr>\n<td width=\"349\">Glovelier Restaurant de la poste<\/td>\n<td width=\"151\">Mercredi 29 janvier 2025<\/td>\n<\/tr>\n<tr>\n<td width=\"349\">Etoy<\/td>\n<td width=\"151\">Ouvert<\/td>\n<\/tr>\n<tr>\n<td width=\"349\">Bulle \/ Romont<\/td>\n<td width=\"151\">Jeudi 30 janvier 2025<\/td>\n<\/tr>\n<tr>\n<td width=\"349\"><\/td>\n<td width=\"151\"><\/td>\n<\/tr>\n<tr>\n<td width=\"349\">Belp Kreuz oder Z\u00e4ziwil<\/td>\n<td width=\"151\">DI 4. Februar 2025<\/td>\n<\/tr>\n<tr>\n<td width=\"349\">B\u00e4ren Ersigen<\/td>\n<td width=\"151\">DO 30. Januar 2025<\/td>\n<\/tr>\n<\/tbody>\n<\/table>\n<p>[\/et_pb_text][\/et_pb_column][\/et_pb_row][\/et_pb_section]<\/p>","protected":false},"excerpt":{"rendered":"<p>Cours de bases pour les \u00e9leveurs de volailles Un cours de base pour les \u00e9leveurs de volailles est organis\u00e9 \u00e0 Yverdon les 11 et 18 octobre prochain. Les personnes int\u00e9ress\u00e9es peuvent consulter ce document. Cours d&rsquo;\u00e9leveur de lapins La f\u00e9d\u00e9ration valaisanne des \u00e9leveurs de petits animaux organise un cours d&rsquo;\u00e9leveur de lapins \u00e0 Salquenen. Le [&hellip;]<\/p>","protected":false},"author":1,"featured_media":0,"parent":0,"menu_order":0,"comment_status":"closed","ping_status":"closed","template":"","meta":{"_et_pb_use_builder":"on","_et_pb_old_content":"","_et_gb_content_width":"","footnotes":""},"class_list":["post-29113","page","type-page","status-publish","hentry"],"_links":{"self":[{"href":"https:\/\/ffepa-fkzv.ch\/de\/wp-json\/wp\/v2\/pages\/29113","targetHints":{"allow":["GET"]}}],"collection":[{"href":"https:\/\/ffepa-fkzv.ch\/de\/wp-json\/wp\/v2\/pages"}],"about":[{"href":"https:\/\/ffepa-fkzv.ch\/de\/wp-json\/wp\/v2\/types\/page"}],"author":[{"embeddable":true,"href":"https:\/\/ffepa-fkzv.ch\/de\/wp-json\/wp\/v2\/users\/1"}],"replies":[{"embeddable":true,"href":"https:\/\/ffepa-fkzv.ch\/de\/wp-json\/wp\/v2\/comments?post=29113"}],"version-history":[{"count":11,"href":"https:\/\/ffepa-fkzv.ch\/de\/wp-json\/wp\/v2\/pages\/29113\/revisions"}],"predecessor-version":[{"id":29153,"href":"https:\/\/ffepa-fkzv.ch\/de\/wp-json\/wp\/v2\/pages\/29113\/revisions\/29153"}],"wp:attachment":[{"href":"https:\/\/ffepa-fkzv.ch\/de\/wp-json\/wp\/v2\/media?parent=29113"}],"curies":[{"name":"wp","href":"https:\/\/api.w.org\/{rel}","templated":true}]}}